{"id":11838,"date":"2018-12-12T21:53:38","date_gmt":"2018-12-12T20:53:38","guid":{"rendered":"http:\/\/tanzen-weilheim.de\/cms\/?page_id=11838"},"modified":"2026-04-24T11:43:20","modified_gmt":"2026-04-24T09:43:20","slug":"abteilungsleitung","status":"publish","type":"page","link":"https:\/\/tanzen-weilheim.de\/cms\/mitglied-werden\/abteilungsleitung","title":{"rendered":"Kontakt"},"content":{"rendered":"\n<p class=\"has-large-font-size\"><strong>Abteilungsleitung<\/strong> <\/p>\n\n\n\n<figure class=\"wp-block-gallery has-nested-images columns-5 is-cropped is-style-rectangular wp-block-gallery-1 is-layout-flex wp-block-gallery-is-layout-flex\">\n<figure class=\"wp-block-image size-large\"><img loading=\"lazy\" decoding=\"async\" width=\"597\" height=\"799\" data-id=\"16081\" src=\"https:\/\/tanzen-weilheim.de\/cms\/wp-content\/uploads\/2021\/07\/P1012758_Monika-1.jpg\" alt=\"\" class=\"wp-image-16081\" srcset=\"https:\/\/tanzen-weilheim.de\/cms\/wp-content\/uploads\/2021\/07\/P1012758_Monika-1.jpg 597w, https:\/\/tanzen-weilheim.de\/cms\/wp-content\/uploads\/2021\/07\/P1012758_Monika-1-400x535.jpg 400w\" sizes=\"auto, (max-width: 597px) 100vw, 597px\" \/><\/figure>\n\n\n\n<figure class=\"wp-block-image size-large\"><img loading=\"lazy\" decoding=\"async\" width=\"177\" height=\"237\" data-id=\"12664\" src=\"https:\/\/tanzen-weilheim.de\/cms\/wp-content\/uploads\/2019\/02\/Foto-2-PM.jpg\" alt=\"\" class=\"wp-image-12664\"\/><\/figure>\n\n\n\n<figure class=\"wp-block-image size-large\"><img loading=\"lazy\" decoding=\"async\" width=\"2663\" height=\"3543\" data-id=\"16697\" src=\"https:\/\/tanzen-weilheim.de\/cms\/wp-content\/uploads\/2022\/01\/Christine_Huber_Kopf_Bearb.jpg\" alt=\"\" class=\"wp-image-16697\" srcset=\"https:\/\/tanzen-weilheim.de\/cms\/wp-content\/uploads\/2022\/01\/Christine_Huber_Kopf_Bearb.jpg 2663w, https:\/\/tanzen-weilheim.de\/cms\/wp-content\/uploads\/2022\/01\/Christine_Huber_Kopf_Bearb-722x960.jpg 722w, https:\/\/tanzen-weilheim.de\/cms\/wp-content\/uploads\/2022\/01\/Christine_Huber_Kopf_Bearb-1443x1920.jpg 1443w, https:\/\/tanzen-weilheim.de\/cms\/wp-content\/uploads\/2022\/01\/Christine_Huber_Kopf_Bearb-768x1022.jpg 768w, https:\/\/tanzen-weilheim.de\/cms\/wp-content\/uploads\/2022\/01\/Christine_Huber_Kopf_Bearb-400x532.jpg 400w\" sizes=\"auto, (max-width: 2663px) 100vw, 2663px\" \/><\/figure>\n\n\n\n<figure class=\"wp-block-image size-large\"><img loading=\"lazy\" decoding=\"async\" width=\"513\" height=\"667\" data-id=\"27061\" src=\"https:\/\/tanzen-weilheim.de\/cms\/wp-content\/uploads\/2026\/03\/AH.jpg\" alt=\"\" class=\"wp-image-27061\" srcset=\"https:\/\/tanzen-weilheim.de\/cms\/wp-content\/uploads\/2026\/03\/AH.jpg 513w, https:\/\/tanzen-weilheim.de\/cms\/wp-content\/uploads\/2026\/03\/AH-400x520.jpg 400w\" sizes=\"auto, (max-width: 513px) 100vw, 513px\" \/><\/figure>\n\n\n\n<figure class=\"wp-block-image size-large\"><img loading=\"lazy\" decoding=\"async\" width=\"3840\" height=\"2880\" data-id=\"19441\" src=\"https:\/\/tanzen-weilheim.de\/cms\/wp-content\/uploads\/2023\/03\/Annette-3840x2880.jpg\" alt=\"\" class=\"wp-image-19441\" srcset=\"https:\/\/tanzen-weilheim.de\/cms\/wp-content\/uploads\/2023\/03\/Annette-3840x2880.jpg 3840w, https:\/\/tanzen-weilheim.de\/cms\/wp-content\/uploads\/2023\/03\/Annette-960x720.jpg 960w, https:\/\/tanzen-weilheim.de\/cms\/wp-content\/uploads\/2023\/03\/Annette-1920x1440.jpg 1920w, https:\/\/tanzen-weilheim.de\/cms\/wp-content\/uploads\/2023\/03\/Annette-768x576.jpg 768w, https:\/\/tanzen-weilheim.de\/cms\/wp-content\/uploads\/2023\/03\/Annette-400x300.jpg 400w\" sizes=\"auto, (max-width: 3840px) 100vw, 3840px\" \/><\/figure>\n<\/figure>\n\n\n\n<h4 class=\"wp-block-heading has-vivid-cyan-blue-color has-text-color has-link-color has-medium-font-size wp-elements-09cb33c6d714956494e0a410a00a5631\"><strong>Abteilungsleiterin<\/strong><br><strong>Monika Marschall<\/strong><br><a href=\"mailto:abteilungsleiter@tanzen-weilheim.de\">e-Mail Abteilungsleiterin<\/a><\/h4>\n\n\n\n<ul class=\"wp-block-list\">\n<li>TSA allgemein<\/li>\n\n\n\n<li>Homepage, Terminkalender<\/li>\n\n\n\n<li>Sportreport<\/li>\n\n\n\n<li>Presse (Vertretung N.N. Pressewart)<\/li>\n\n\n\n<li>Kinder- und Jugendtanzgruppe (Vertretung N.N. Jugendleiter)<\/li>\n\n\n\n<li>TSA-E-Mail-Verteiler \/ WhatsApp-Gruppen der Unterrichtseinheiten<\/li>\n\n\n\n<li>Rechnungsfreigabe<\/li>\n<\/ul>\n\n\n\n<h4 class=\"wp-block-heading has-vivid-cyan-blue-color has-text-color has-link-color has-medium-font-size wp-elements-43eee67c26a0436d22f27738d27352c1\"><strong>1. Stellvertretender Abteilungsleiter<\/strong><br><strong>Peter Mayer<\/strong><br><a href=\"mailto:stellv-abteilungsleiter@tanzen-weilheim.de\">e-Mail stellv-Abteilungsleiter<\/a><\/h4>\n\n\n\n<ul class=\"wp-block-list\">\n<li>Freizeittanzsport (Einsteiger, Gesellschaftskreise)<\/li>\n\n\n\n<li>Workshops Freizeittanzsport<\/li>\n\n\n\n<li>DTSA-Abnahmen<\/li>\n\n\n\n<li>Tanzpartnerb\u00f6rse<\/li>\n<\/ul>\n\n\n\n<h4 class=\"wp-block-heading has-vivid-cyan-blue-color has-text-color has-link-color has-medium-font-size wp-elements-99e44d6ad2567df5511640a7c7c43916\"><strong>2. Stellvertretende Abteilungsleiterin \/ Sportwartin (LTVB &amp; DTV)<\/strong><br><strong>Christine Huber<\/strong><br>\u00a0<a href=\"mailto:sportwart@tanzen-weilheim.de\">e-Mail Sportwartin<\/a><\/h4>\n\n\n\n<ul class=\"wp-block-list\">\n<li>Turniertanzsport (Standard &amp; Latein)<\/li>\n\n\n\n<li>Privatstundentage <\/li>\n\n\n\n<li>Turnier-Workshops (Standard &amp; Latein)<\/li>\n\n\n\n<li>Showtanzeinlagen mit Turnierpaaren<\/li>\n<\/ul>\n\n\n\n<h4 class=\"wp-block-heading has-vivid-cyan-blue-color has-text-color has-link-color has-medium-font-size wp-elements-91c2d0e20ca2670129aa4716bf0e28a6\">Andreas Hieronymus<br>\u00a0<a href=\"mailto:kassenwart@tanzen-weilheim.de\">e-Mail Kassenwart<\/a><\/h4>\n\n\n\n<ul class=\"wp-block-list\">\n<li>Bank\u00fcberweisungen<\/li>\n\n\n\n<li>Kassenverwaltung<\/li>\n<\/ul>\n\n\n\n<h4 class=\"wp-block-heading has-vivid-cyan-blue-color has-text-color has-link-color has-medium-font-size wp-elements-5263121f77ac2fab1df6b9d9db88d185\">Bei Fragen zur <strong>Mitgliederverwaltung<\/strong> oder dem <strong>-beitragseinzug<\/strong><br>bitte an die Gesch\u00e4ftstelle TSV 1847 Weilheim e.V. wenden<br> <a href=\"mailto:mitgliederverwaltung@tsv-weilheim.com\">e-Mail Mitgliederverwaltung TSV 1847 Weilheim e.V.<\/a><\/h4>\n\n\n\n<h4 class=\"wp-block-heading has-vivid-cyan-blue-color has-text-color has-link-color has-medium-font-size wp-elements-f7acd02eb6a7b106dfbe0884d1c07a0f\"><strong>Schriftf\u00fchrerin<\/strong><br><strong>Dr. Annette Kaps<\/strong><br><a href=\"mailto:schriftfuehrer@tanzen-weilheim.de\">e-Mail Schriftf\u00fchrerin<\/a><\/h4>\n\n\n\n<ul class=\"wp-block-list\">\n<li>Protokolle<\/li>\n<\/ul>\n\n\n\n<h4 class=\"wp-block-heading has-vivid-cyan-blue-color has-text-color has-link-color has-medium-font-size wp-elements-fe924b42b39d5d7210ca7bc09a1898bc\"><strong>Jugendleiter<\/strong><br>Marina Bauer<br><a href=\"mailto:jugendleiter@tanzen-weilheim.de\">e-Mail Jugendleiterin<\/a><\/h4>\n\n\n\n<ul class=\"wp-block-list\">\n<li>Kinder- und Jugendarbeit der TSA<\/li>\n<\/ul>\n\n\n\n<hr class=\"wp-block-separator has-alpha-channel-opacity\"\/>\n\n\n\n<h3 class=\"wp-block-heading has-medium-font-size\"><strong> Beauftragte der TSA<\/strong><\/h3>\n\n\n\n<h4 class=\"wp-block-heading has-vivid-cyan-blue-color has-text-color has-link-color has-medium-font-size wp-elements-ddded6253912c012637c93763088530d\"><strong>Tanzkurse<\/strong><br><strong>Peter Handel<\/strong><br><a href=\"mailto:tanzkurs@tanzen-weilheim.de\">e-Mail Tanzkursleiter<\/a> (Tanzkurse Anf\u00e4nger und Fortgeschrittene)<br><a href=\"mailto:elterntanzkurs@tanzen-weilheim.de\">e-mail Elterntanzkursleiter<\/a> (Elterntanzkurse Gymnasium Weilheim)<\/h4>\n\n\n\n<ul class=\"wp-block-list\">\n<li>Anf\u00e4nger- &amp; Fortgeschrittenenkurse<\/li>\n\n\n\n<li>Sch\u00fcler- &amp; Elternkurse (Gymnasium Weilheim)<\/li>\n<\/ul>\n\n\n\n<h4 class=\"wp-block-heading has-vivid-cyan-blue-color has-text-color has-link-color has-medium-font-size wp-elements-741651df6caa0ce9ab5ecf5d04592ecd\"><strong>Social Media \u2013 Instagram<\/strong><br>Abteilungsleiterin<\/h4>\n\n\n\n<h4 class=\"wp-block-heading has-vivid-cyan-blue-color has-text-color has-link-color has-medium-font-size wp-elements-d6a208b79368aa17d349c8ef82d25c11\"><strong>Administrator<\/strong><br><strong>Tobias Marschall<\/strong><br><a href=\"mailto:administrator@tanzen-weilheim.de\">e-Mail Administrator Tanzsportabteilung WM<\/a><\/h4>\n\n\n\n<p><\/p>\n","protected":false},"excerpt":{"rendered":"<p>Abteilungsleitung AbteilungsleiterinMonika Marschalle-Mail Abteilungsleiterin 1. Stellvertretender AbteilungsleiterPeter Mayere-Mail stellv-Abteilungsleiter 2. Stellvertretende Abteilungsleiterin \/ Sportwartin (LTVB &amp; DTV)Christine Huber\u00a0e-Mail Sportwartin Andreas Hieronymus\u00a0e-Mail Kassenwart Bei Fragen zur Mitgliederverwaltung oder dem -beitragseinzugbitte an die Gesch\u00e4ftstelle TSV 1847 Weilheim e.V. wenden e-Mail Mitgliederverwaltung TSV 1847 Weilheim e.V. Schriftf\u00fchrerinDr. Annette Kapse-Mail Schriftf\u00fchrerin JugendleiterMarina Bauere-Mail Jugendleiterin Beauftragte der TSA TanzkursePeter Handele-Mail [&hellip;]<\/p>\n","protected":false},"author":19,"featured_media":0,"parent":10,"menu_order":0,"comment_status":"closed","ping_status":"closed","template":"","meta":{"footnotes":""},"class_list":["post-11838","page","type-page","status-publish","hentry"],"jetpack_sharing_enabled":true,"_links":{"self":[{"href":"https:\/\/tanzen-weilheim.de\/cms\/wp-json\/wp\/v2\/pages\/11838","targetHints":{"allow":["GET"]}}],"collection":[{"href":"https:\/\/tanzen-weilheim.de\/cms\/wp-json\/wp\/v2\/pages"}],"about":[{"href":"https:\/\/tanzen-weilheim.de\/cms\/wp-json\/wp\/v2\/types\/page"}],"author":[{"embeddable":true,"href":"https:\/\/tanzen-weilheim.de\/cms\/wp-json\/wp\/v2\/users\/19"}],"replies":[{"embeddable":true,"href":"https:\/\/tanzen-weilheim.de\/cms\/wp-json\/wp\/v2\/comments?post=11838"}],"version-history":[{"count":78,"href":"https:\/\/tanzen-weilheim.de\/cms\/wp-json\/wp\/v2\/pages\/11838\/revisions"}],"predecessor-version":[{"id":27271,"href":"https:\/\/tanzen-weilheim.de\/cms\/wp-json\/wp\/v2\/pages\/11838\/revisions\/27271"}],"up":[{"embeddable":true,"href":"https:\/\/tanzen-weilheim.de\/cms\/wp-json\/wp\/v2\/pages\/10"}],"wp:attachment":[{"href":"https:\/\/tanzen-weilheim.de\/cms\/wp-json\/wp\/v2\/media?parent=11838"}],"curies":[{"name":"wp","href":"https:\/\/api.w.org\/{rel}","templated":true}]}}